{"id":1618,"date":"2023-06-07T14:59:19","date_gmt":"2023-06-07T12:59:19","guid":{"rendered":"https:\/\/nami-tech.com\/information-and-access-to-personal-data\/"},"modified":"2023-06-07T16:29:36","modified_gmt":"2023-06-07T14:29:36","slug":"informace-a-pristup-k-osobnim-udajum","status":"publish","type":"page","link":"https:\/\/namitech.com\/cs\/informace-a-pristup-k-osobnim-udajum\/","title":{"rendered":"INFORMACE A P\u0158\u00cdSTUP K OSOBN\u00cdM \u00daDAJ\u016eM"},"content":{"rendered":"\t\t<div data-elementor-type=\"wp-page\" data-elementor-id=\"1618\" class=\"elementor elementor-1618 elementor-1602\">\n\t\t\t\t\t\t<section class=\"elementor-section elementor-top-section elementor-element elementor-element-cb73e6e elementor-section-boxed elementor-section-height-default elementor-section-height-default\" data-id=\"cb73e6e\" data-element_type=\"section\" data-e-type=\"section\" data-settings=\"{&quot;jet_parallax_layout_list&quot;:[{&quot;jet_parallax_layout_image&quot;:{&quot;url&quot;:&quot;&quot;,&quot;id&quot;:&quot;&quot;,&quot;size&quot;:&quot;&quot;},&quot;_id&quot;:&quot;bd17729&quot;,&quot;jet_parallax_layout_speed&quot;:{&quot;unit&quot;:&quot;%&quot;,&quot;size&quot;:&quot;50&quot;,&quot;sizes&quot;:[]},&quot;jet_parallax_layout_bg_x&quot;:&quot;50&quot;,&quot;jet_parallax_layout_bg_y&quot;:&quot;50&quot;,&quot;jet_parallax_layout_image_tablet&quot;:{&quot;url&quot;:&quot;&quot;,&quot;id&quot;:&quot;&quot;,&quot;size&quot;:&quot;&quot;},&quot;jet_parallax_layout_image_mobile&quot;:{&quot;url&quot;:&quot;&quot;,&quot;id&quot;:&quot;&quot;,&quot;size&quot;:&quot;&quot;},&quot;jet_parallax_layout_type&quot;:&quot;scroll&quot;,&quot;jet_parallax_layout_direction&quot;:&quot;1&quot;,&quot;jet_parallax_layout_fx_direction&quot;:null,&quot;jet_parallax_layout_z_index&quot;:&quot;&quot;,&quot;jet_parallax_layout_bg_x_tablet&quot;:&quot;&quot;,&quot;jet_parallax_layout_bg_x_mobile&quot;:&quot;&quot;,&quot;jet_parallax_layout_bg_y_tablet&quot;:&quot;&quot;,&quot;jet_parallax_layout_bg_y_mobile&quot;:&quot;&quot;,&quot;jet_parallax_layout_bg_size&quot;:&quot;auto&quot;,&quot;jet_parallax_layout_bg_size_tablet&quot;:&quot;&quot;,&quot;jet_parallax_layout_bg_size_mobile&quot;:&quot;&quot;,&quot;jet_parallax_layout_animation_prop&quot;:&quot;transform&quot;,&quot;jet_parallax_layout_on&quot;:[&quot;desktop&quot;,&quot;tablet&quot;]}],&quot;background_background&quot;:&quot;classic&quot;,&quot;background_raven_motion_effects_scrolling&quot;:&quot;yes&quot;,&quot;background_raven_motion_effects_translateY_fx&quot;:&quot;yes&quot;,&quot;background_raven_motion_effects_translateY_fx_intensity&quot;:{&quot;unit&quot;:&quot;px&quot;,&quot;size&quot;:4,&quot;sizes&quot;:[]},&quot;background_raven_motion_effects_translateY_fx_viewport&quot;:{&quot;unit&quot;:&quot;%&quot;,&quot;size&quot;:&quot;&quot;,&quot;sizes&quot;:{&quot;start&quot;:0,&quot;end&quot;:100}},&quot;background_raven_motion_effects_devices&quot;:[&quot;desktop&quot;,&quot;tablet&quot;,&quot;mobile&quot;]}\">\n\t\t\t\t\t\t\t<div class=\"elementor-background-overlay\"><\/div>\n\t\t\t\t\t\t\t<div class=\"elementor-container elementor-column-gap-no\">\n\t\t\t\t\t<div class=\"elementor-column elementor-col-100 elementor-top-column elementor-element elementor-element-b58296d\" data-id=\"b58296d\" data-element_type=\"column\" data-e-type=\"column\">\n\t\t\t<div class=\"elementor-widget-wrap elementor-element-populated\">\n\t\t\t\t\t\t<div class=\"elementor-element elementor-element-4c52786 elementor-widget elementor-widget-heading\" data-id=\"4c52786\" data-element_type=\"widget\" data-e-type=\"widget\" data-widget_type=\"heading.default\">\n\t\t\t\t<div class=\"elementor-widget-container\">\n\t\t\t\t\t<h1 class=\"elementor-heading-title elementor-size-default\">Informace a p\u0159\u00edstup k osobn\u00edm \u00fadaj\u016fm \n<\/h1>\t\t\t\t<\/div>\n\t\t\t\t<\/div>\n\t\t\t\t<div class=\"elementor-element elementor-element-28d0634 elementor-invisible elementor-widget elementor-widget-text-editor\" data-id=\"28d0634\" data-element_type=\"widget\" data-e-type=\"widget\" data-settings=\"{&quot;_animation&quot;:&quot;fadeInRight&quot;}\" data-widget_type=\"text-editor.default\">\n\t\t\t\t<div class=\"elementor-widget-container\">\n\t\t\t\t\t\t\t\t\t<p class=\"p1\"><b>Osobn\u00ed \u00fadaje<\/b><\/p><p class=\"p2\">Osobn\u00edmi \u00fadaji se rozum\u00ed ve\u0161ker\u00e9 informace o identifikovan\u00e9 nebo identifikovateln\u00e9 fyzick\u00e9 osob\u011b; identifikovatelnou fyzickou osobou je fyzick\u00e1 osoba, kterou lze p\u0159\u00edmo \u010di nep\u0159\u00edmo identifikovat, zejm\u00e9na odkazem na ur\u010dit\u00fd identifik\u00e1tor, nap\u0159\u00edklad jm\u00e9no, identifika\u010dn\u00ed \u010d\u00edslo, loka\u010dn\u00ed \u00fadaje, s\u00ed\u0165ov\u00fd identifik\u00e1tor nebo na jeden \u010di v\u00edce zvl\u00e1\u0161tn\u00edch prvk\u016f fyzick\u00e9, fyziologick\u00e9, genetick\u00e9, psychick\u00e9, ekonomick\u00e9, kulturn\u00ed nebo spole\u010densk\u00e9 identity t\u00e9to fyzick\u00e9 osoby. Spr\u00e1vce nejmenoval pov\u011b\u0159ence pro ochranu osobn\u00edch \u00fadaj\u016f.<\/p><p class=\"p3\"><b>1. Z\u00e1konn\u00fdm d\u016fvodem zpracov\u00e1n\u00ed osobn\u00edch \u00fadaj\u016f je:<\/b><\/p><ul class=\"ul1\"><li class=\"li2\">pln\u011bn\u00ed smlouvy mezi z\u00e1kazn\u00edkem a\u00a0spr\u00e1vcem podle \u010dl. 6 odst. 1 p\u00edsm. b) GDPR,<\/li><li class=\"li2\">spln\u011bn\u00ed pr\u00e1vn\u00ed povinnosti spr\u00e1vce podle \u010dl. 6 odst. 1 p\u00edsm. c) GDPR,<\/li><li class=\"li2\">opr\u00e1vn\u011bn\u00fd z\u00e1jem spr\u00e1vce na poskytov\u00e1n\u00ed p\u0159\u00edm\u00e9ho marketingu (zejm\u00e9na pro zas\u00edl\u00e1n\u00ed obchodn\u00edch sd\u011blen\u00ed a newsletter\u016f) podle \u010dl. 6 odst. 1 p\u00edsm. f) GDPR,<\/li><li class=\"li2\">souhlas se zpracov\u00e1n\u00edm pro \u00fa\u010dely poskytov\u00e1n\u00ed p\u0159\u00edm\u00e9ho marketingu (zejm\u00e9na pro zas\u00edl\u00e1n\u00ed obchodn\u00edch sd\u011blen\u00ed a newsletter\u016f) podle \u010dl. 6 odst. 1 p\u00edsm. a) GDPR ve spojen\u00ed s \u00a7 7 odst. 2 z\u00e1kona \u010d. 480\/2004 Sb., o n\u011bkter\u00fdch slu\u017eb\u00e1ch informa\u010dn\u00ed spole\u010dnosti v\u00a0p\u0159\u00edpad\u011b, \u017ee nedo\u0161lo k\u00a0objedn\u00e1vce zbo\u017e\u00ed nebo slu\u017eby.<\/li><\/ul><p class=\"p2\"><b>Pr\u00e1vn\u00ed z\u00e1klad pro zpracov\u00e1n\u00ed osobn\u00edch \u00fadaj\u016f<\/b><\/p><ul class=\"ul1\"><li class=\"li2\">z\u00e1kon \u010d. 89\/2012 Sb., ob\u010dansk\u00fd z\u00e1kon\u00edk, ve zn\u011bn\u00ed pozd\u011bj\u0161\u00edch p\u0159edpis\u016f<\/li><li class=\"li2\">z\u00e1kon \u010d. 262\/2006 Sb., z\u00e1kon\u00edk pr\u00e1ce, ve zn\u011bn\u00ed pozd\u011bj\u0161\u00edch p\u0159edpis\u016f<\/li><li class=\"li2\">z\u00e1kon \u010d. 22\/1997 Sb., o technick\u00fdch po\u017eadavc\u00edch na v\u00fdrobky a o zm\u011bn\u011b a dopln\u011bn\u00ed n\u011bkter\u00fdch z\u00e1kon\u016f<\/li><li class=\"li2\">z\u00e1kon \u010d. 102\/2001 Sb., o obecn\u00e9 bezpe\u010dnosti v\u00fdrobk\u016f<\/li><\/ul><p class=\"p3\"><b>2. \u00da\u010delem zpracov\u00e1n\u00ed osobn\u00edch \u00fadaj\u016f je<\/b><\/p><ul class=\"ul1\"><li class=\"li2\">v\u00fdkon pr\u00e1v a povinnost\u00ed vypl\u00fdvaj\u00edc\u00edch ze smluvn\u00edho vztahu mezi z\u00e1kazn\u00edkem a spr\u00e1vcem; p\u0159i objedn\u00e1vce jsou vy\u017eadov\u00e1ny osobn\u00ed \u00fadaje, kter\u00e9 jsou nutn\u00e9 pro \u00fasp\u011b\u0161n\u00e9 vy\u0159\u00edzen\u00ed objedn\u00e1vky (jm\u00e9no, p\u0159\u00edjmen\u00ed a adresa, kontaktn\u00ed \u00fadaje), poskytnut\u00ed osobn\u00edch \u00fadaj\u016f je nutn\u00fdm po\u017eadavkem pro uzav\u0159en\u00ed a pln\u011bn\u00ed smlouvy, bez poskytnut\u00ed osobn\u00edch \u00fadaj\u016f nen\u00ed mo\u017en\u00e9 smlouvu uzav\u0159\u00edt \u010di j\u00ed ze strany spr\u00e1vce plnit,<\/li><li class=\"li2\">pln\u011bn\u00ed pr\u00e1vn\u00edch povinnost\u00ed v\u016f\u010di st\u00e1tu,<\/li><li class=\"li2\">zas\u00edl\u00e1n\u00ed obchodn\u00edch sd\u011blen\u00ed a \u010din\u011bn\u00ed dal\u0161\u00edch marketingov\u00fdch aktivit.<\/li><\/ul><p class=\"p2\"><b>\u00da\u010del zpracov\u00e1n\u00ed osobn\u00edch \u00fadaj\u016f spr\u00e1vcem:<\/b><\/p><ul class=\"ul1\"><li class=\"li2\">V\u00fdroba, obchod a slu\u017eby neuveden\u00e9 v p\u0159\u00edloh\u00e1ch 1 a\u017e 3 \u017eivnostensk\u00e9ho z\u00e1kona, obory \u017eivnosti:<\/li><li class=\"li2\">V\u00fdroba elektronick\u00fdch sou\u010d\u00e1stek, elektrick\u00fdch za\u0159\u00edzen\u00ed a v\u00fdroba a opravy elektrick\u00fdch stroj\u016f, p\u0159\u00edstroj\u016f a elektronick\u00fdch za\u0159\u00edzen\u00ed pracuj\u00edc\u00edch na mal\u00e9m nap\u011bt\u00ed<\/li><li class=\"li2\">V\u00fdroba stroj\u016f a za\u0159\u00edzen\u00ed<\/li><li class=\"li2\">Zprost\u0159edkov\u00e1n\u00ed obchodu a slu\u017eeb<\/li><li class=\"li2\">Velkoobchod a maloobchod<\/li><li class=\"li2\">Poradensk\u00e1 a konzulta\u010dn\u00ed \u010dinnost, zpracov\u00e1n\u00ed odborn\u00fdch studi\u00ed a posudk\u016f<\/li><li class=\"li2\">P\u0159\u00edprava a vypracov\u00e1n\u00ed technick\u00fdch n\u00e1vrh\u016f, grafick\u00e9 a kresli\u010dsk\u00e9 pr\u00e1ce<\/li><li class=\"li2\">Projektov\u00e1n\u00ed elektrick\u00fdch za\u0159\u00edzen\u00ed<\/li><li class=\"li2\">V\u00fdzkum a v\u00fdvoj v oblasti p\u0159\u00edrodn\u00edch a technick\u00fdch v\u011bd nebo spole\u010densk\u00fdch v\u011bd<\/li><li class=\"li2\">Testov\u00e1n\u00ed, m\u011b\u0159en\u00ed, anal\u00fdzy a kontroly<\/li><li class=\"li2\">Mimo\u0161koln\u00ed v\u00fdchova a vzd\u011bl\u00e1v\u00e1n\u00ed, po\u0159\u00e1d\u00e1n\u00ed kurz\u016f, \u0161kolen\u00ed, v\u010detn\u011b lektorsk\u00e9 \u010dinnosti<\/li><li class=\"li2\">V ostatn\u00edch p\u0159\u00edpadech na z\u00e1klad\u011b souhlasu ud\u011blen\u00e9ho dle \u010dl. 7 na\u0159\u00edzen\u00ed Evropsk\u00e9ho parlamentu a Rady o obecn\u00e9 ochran\u011b osobn\u00edch \u00fadaj\u016f \u010d. 2016\/679<\/li><\/ul><p class=\"p2\">Ze strany spr\u00e1vce nedoch\u00e1z\u00ed k\u00a0automatick\u00e9mu individu\u00e1ln\u00edmu rozhodov\u00e1n\u00ed ve\u00a0smyslu \u010dl. 22 GDPR.<\/p><p class=\"p3\"><b>3. Kategorie p\u0159\u00edjemc\u016f zpracov\u00e1van\u00fdch osobn\u00edch \u00fadaj\u016f:<\/b><\/p><p class=\"p2\"><span class=\"Apple-converted-space\">\u00a0 <\/span>P\u0159\u00edjemci osobn\u00edch \u00fadaj\u016f jsou osoby<\/p><ul class=\"ul1\"><li class=\"li2\">Smluvn\u00ed strany v\u00a0r\u00e1mci dodavatelsko-odb\u011bratelsk\u00fdch vztah\u016f<\/li><li class=\"li2\">Smluvn\u00ed strany v\u00a0r\u00e1mci n\u00e1jemn\u00edch a pachtovn\u00edch smluv<\/li><li class=\"li2\">Zam\u011bstnanci obchodn\u00ed korporace<\/li><li class=\"li2\">Dal\u0161\u00ed osoby na z\u00e1klad\u011b z\u00e1konn\u00e9ho zmocn\u011bn\u00ed<\/li><\/ul><p class=\"p3\"><span class=\"Apple-converted-space\">\u00a0 <\/span><b>4. \u00damysl spr\u00e1vce p\u0159ed\u00e1vat osobn\u00ed \u00fadaje do t\u0159et\u00edch zem\u00ed<\/b><\/p><p class=\"p2\">Spr\u00e1vce nem\u00e1 v\u00a0\u00famyslu p\u0159edat osobn\u00ed \u00fadaje do t\u0159et\u00ed zem\u011b mimo Evropskou unii. Spr\u00e1vce m\u00e1 pr\u00e1vo pov\u011b\u0159it zpracov\u00e1n\u00edm osobn\u00edch \u00fadaj\u016f zpracovatele, kter\u00fd se spr\u00e1vcem uzav\u0159el zpracovatelskou smlouvu a poskytuje dostate\u010dn\u00e9 z\u00e1ruky ochrany osobn\u00edch \u00fadaj\u016f.<\/p><p class=\"p3\"><b>5. Doba ulo\u017een\u00ed osobn\u00edch \u00fadaj\u016f<\/b><\/p><p class=\"p2\">Doba ulo\u017een\u00ed osobn\u00edch \u00fadaj\u016f po dobu trv\u00e1n\u00ed smluvn\u00edch vztah\u016f, po ukon\u010den\u00ed smluvn\u00edch vztah\u016f dle platn\u00e9 pr\u00e1vn\u00ed \u00fapravy \u010di vnit\u0159n\u00edch norem obchodn\u00ed korporace, pokud v r\u00e1mci ud\u011blen\u00e9ho souhlasu dle \u010dl. 7 v\u00fd\u0161e uveden\u00e9ho na\u0159\u00edzen\u00ed nebylo dohodnuto jinak<\/p><p class=\"p2\">Spr\u00e1vce uchov\u00e1v\u00e1 osobn\u00ed \u00fadaje<\/p><ul class=\"ul1\"><li class=\"li2\">po dobu nezbytnou k v\u00fdkonu pr\u00e1v a povinnost\u00ed vypl\u00fdvaj\u00edc\u00edch ze smluvn\u00edho vztahu mezi V\u00e1mi a spr\u00e1vcem a uplat\u0148ov\u00e1n\u00ed n\u00e1rok\u016f z t\u011bchto smluvn\u00edch vztah\u016f (po dobu 15 let od ukon\u010den\u00ed smluvn\u00edho vztahu).<\/li><li class=\"li2\">po dobu, ne\u017e je odvol\u00e1n souhlas se zpracov\u00e1n\u00edm osobn\u00edch \u00fadaj\u016f pro \u00fa\u010dely marketingu, nejd\u00e9le 5 let, jsou-li osobn\u00ed \u00fadaje zpracov\u00e1v\u00e1ny na z\u00e1klad\u011b souhlasu.<\/li><\/ul><p class=\"p2\">Po uplynut\u00ed doby uchov\u00e1v\u00e1n\u00ed osobn\u00edch \u00fadaj\u016f spr\u00e1vce osobn\u00ed \u00fadaje vyma\u017ee.<\/p><p>\u00a0<\/p><p class=\"p1\"><b>Miroslav Odlo\u017eil\u00edk<\/b><\/p><p class=\"p1\"><b>Managing Director<\/b><\/p><p class=\"p3\"><b>ADMINISTRATOR:<\/b><\/p><p class=\"p4\">NAMI-Tech s.r.o.,<\/p><p class=\"p4\">Purky\u0148ova 648\/125,<\/p><p class=\"p4\">612 00 Brno, Czech Republic<\/p><p class=\"p5\">ID &#8211; 26237474, VAT ID &#8211; CZ26237474<\/p><p class=\"p7\">info@nami-tech.com<\/p><p class=\"p8\"><b>nami-tech.com<\/b><\/p>\t\t\t\t\t\t\t\t<\/div>\n\t\t\t\t<\/div>\n\t\t\t\t\t<\/div>\n\t\t<\/div>\n\t\t\t\t\t<\/div>\n\t\t<\/section>\n\t\t\t\t<\/div>\n\t\t","protected":false},"excerpt":{"rendered":"<p>Informace a p\u0159\u00edstup k osobn\u00edm \u00fadaj\u016fm Osobn\u00ed \u00fadaje Osobn\u00edmi \u00fadaji se rozum\u00ed ve\u0161ker\u00e9 informace o identifikovan\u00e9 nebo identifikovateln\u00e9 fyzick\u00e9 osob\u011b; identifikovatelnou fyzickou osobou je fyzick\u00e1 osoba, kterou lze p\u0159\u00edmo \u010di nep\u0159\u00edmo identifikovat, zejm\u00e9na odkazem na ur\u010dit\u00fd identifik\u00e1tor, nap\u0159\u00edklad jm\u00e9no, identifika\u010dn\u00ed \u010d\u00edslo, loka\u010dn\u00ed \u00fadaje, s\u00ed\u0165ov\u00fd identifik\u00e1tor nebo na jeden \u010di v\u00edce zvl\u00e1\u0161tn\u00edch prvk\u016f fyzick\u00e9, fyziologick\u00e9, genetick\u00e9, [&hellip;]<\/p>\n","protected":false},"author":1,"featured_media":0,"parent":0,"menu_order":0,"comment_status":"closed","ping_status":"closed","template":"full-width.php","meta":{"_acf_changed":false,"footnotes":""},"class_list":["post-1618","page","type-page","status-publish","hentry"],"acf":[],"_links":{"self":[{"href":"https:\/\/namitech.com\/cs\/wp-json\/wp\/v2\/pages\/1618","targetHints":{"allow":["GET"]}}],"collection":[{"href":"https:\/\/namitech.com\/cs\/wp-json\/wp\/v2\/pages"}],"about":[{"href":"https:\/\/namitech.com\/cs\/wp-json\/wp\/v2\/types\/page"}],"author":[{"embeddable":true,"href":"https:\/\/namitech.com\/cs\/wp-json\/wp\/v2\/users\/1"}],"replies":[{"embeddable":true,"href":"https:\/\/namitech.com\/cs\/wp-json\/wp\/v2\/comments?post=1618"}],"version-history":[{"count":0,"href":"https:\/\/namitech.com\/cs\/wp-json\/wp\/v2\/pages\/1618\/revisions"}],"wp:attachment":[{"href":"https:\/\/namitech.com\/cs\/wp-json\/wp\/v2\/media?parent=1618"}],"curies":[{"name":"wp","href":"https:\/\/api.w.org\/{rel}","templated":true}]}}